{"version":"1.0","provider_name":"Biblioteca Diocesana de Mallorca","provider_url":"https:\/\/www.bibliotecadiocesanademallorca.com","title":"Els cl\u00e0ssics grecollatins de la nostra Biblioteca: la col\u00b7lecci\u00f3 Bernat Metge - Biblioteca Diocesana de Mallorca","type":"rich","width":600,"height":338,"html":"<blockquote class=\"wp-embedded-content\" data-secret=\"zTZY2rLgVt\"><a href=\"https:\/\/www.bibliotecadiocesanademallorca.com\/index.php\/2021\/01\/11\/la-colleccio-bernat-metge\/\">Els cl\u00e0ssics grecollatins de la nostra Biblioteca: la col\u00b7lecci\u00f3 Bernat Metge<\/a><\/blockquote><iframe sandbox=\"allow-scripts\" security=\"restricted\" src=\"https:\/\/www.bibliotecadiocesanademallorca.com\/index.php\/2021\/01\/11\/la-colleccio-bernat-metge\/embed\/#?secret=zTZY2rLgVt\" width=\"600\" height=\"338\" title=\"&#8220;Els cl\u00e0ssics grecollatins de la nostra Biblioteca: la col\u00b7lecci\u00f3 Bernat Metge&#8221; &#8212; Biblioteca Diocesana de Mallorca\" data-secret=\"zTZY2rLgVt\" frameborder=\"0\" marginwidth=\"0\" marginheight=\"0\" scrolling=\"no\" class=\"wp-embedded-content\"><\/iframe><script type=\"text\/javascript\">\n\/* <![CDATA[ *\/\n\/*! This file is auto-generated *\/\n!function(d,l){\"use strict\";l.querySelector&&d.addEventListener&&\"undefined\"!=typeof URL&&(d.wp=d.wp||{},d.wp.receiveEmbedMessage||(d.wp.receiveEmbedMessage=function(e){var t=e.data;if((t||t.secret||t.message||t.value)&&!\/[^a-zA-Z0-9]\/.test(t.secret)){for(var s,r,n,a=l.querySelectorAll('iframe[data-secret=\"'+t.secret+'\"]'),o=l.querySelectorAll('blockquote[data-secret=\"'+t.secret+'\"]'),c=new RegExp(\"^https?:$\",\"i\"),i=0;i<o.length;i++)o[i].style.display=\"none\";for(i=0;i<a.length;i++)s=a[i],e.source===s.contentWindow&&(s.removeAttribute(\"style\"),\"height\"===t.message?(1e3<(r=parseInt(t.value,10))?r=1e3:~~r<200&&(r=200),s.height=r):\"link\"===t.message&&(r=new URL(s.getAttribute(\"src\")),n=new URL(t.value),c.test(n.protocol))&&n.host===r.host&&l.activeElement===s&&(d.top.location.href=t.value))}},d.addEventListener(\"message\",d.wp.receiveEmbedMessage,!1),l.addEventListener(\"DOMContentLoaded\",function(){for(var e,t,s=l.querySelectorAll(\"iframe.wp-embedded-content\"),r=0;r<s.length;r++)(t=(e=s[r]).getAttribute(\"data-secret\"))||(t=Math.random().toString(36).substring(2,12),e.src+=\"#?secret=\"+t,e.setAttribute(\"data-secret\",t)),e.contentWindow.postMessage({message:\"ready\",secret:t},\"*\")},!1)))}(window,document);\n\/\/# sourceURL=https:\/\/www.bibliotecadiocesanademallorca.com\/wp-includes\/js\/wp-embed.min.js\n\/* ]]> *\/\n<\/script>\n","description":"A la Biblioteca Diocesana de Mallorca comptam amb gran part de la col\u00b7lecci\u00f3 Bernat Metge, concretament amb 320 exemplars. Aquesta col\u00b7lecci\u00f3, inicialment presentada com a Col\u00b7lecci\u00f3 dels Cl\u00e0ssics Grecs i Llatins, va comen\u00e7ar el 1922 de la m\u00e0 de Francesc Camb\u00f3, que compt\u00e0 des del comen\u00e7ament amb la col\u00b7laboraci\u00f3 de grans hel\u00b7lenistes i llatinistes. El [&hellip;]","thumbnail_url":"https:\/\/www.bibliotecadiocesanademallorca.com\/wp-content\/uploads\/2021\/01\/Seneca-Tragedias-1-652x1024.jpg"}