{"id":9,"date":"2018-10-25T10:45:04","date_gmt":"2018-10-25T10:45:04","guid":{"rendered":"https:\/\/bibliotecadiocesanamallorca.wordpress.com\/?page_id=5"},"modified":"2024-12-20T19:22:34","modified_gmt":"2024-12-20T19:22:34","slug":"inicio","status":"publish","type":"page","link":"https:\/\/www.bibliotecadiocesanademallorca.com\/","title":{"rendered":"Siau benvinguts"},"content":{"rendered":"\n<figure class=\"wp-block-embed is-type-video is-provider-youtube wp-block-embed-youtube wp-embed-aspect-16-9 wp-has-aspect-ratio\"><div class=\"wp-block-embed__wrapper\">\n<iframe loading=\"lazy\" title=\"Biblioteca Diocesana de Mallorca\" width=\"676\" height=\"380\" src=\"https:\/\/www.youtube.com\/embed\/ijEl0P0CA3s?feature=oembed\" frameborder=\"0\" allow=\"accelerometer; autoplay; clipboard-write; encrypted-media; gyroscope; picture-in-picture; web-share\" referrerpolicy=\"strict-origin-when-cross-origin\" allowfullscreen><\/iframe>\n<\/div><\/figure>\n\n\n<p style=\"text-align: justify;\">Siau benvinguts a l\u2019espai virtual de la Biblioteca Diocesana de Mallorca. Des d\u2019aquesta p\u00e0gina web volem fer-vos m\u00e9s accessible el nostre servei bibliotecari. Malgrat la nostra sala de lectura sigui modesta, en realitat la nostra biblioteca \u00e9s grandiosa; compta amb sis grans dip\u00f2sits i tres de m\u00e9s petits \u2015distribu\u00efts en dues plantes\u2015, a m\u00e9s de les sales de treball que hi ha a la planta baixa, a continuaci\u00f3 de la sala de lectura, i finalment un dip\u00f2sit extern, situat al Seminari de la Sapi\u00e8ncia.<\/p>\n<div id=\"attachment_486\" style=\"width: 1082px\" class=\"wp-caption alignnone\"><img loading=\"lazy\" decoding=\"async\" aria-describedby=\"caption-attachment-486\" class=\"wp-image-486 size-full\" src=\"https:\/\/www.bibliotecadiocesanademallorca.com\/wp-content\/uploads\/2020\/12\/Claustre-1.jpg\" alt=\"\" width=\"1072\" height=\"1440\" srcset=\"https:\/\/www.bibliotecadiocesanademallorca.com\/wp-content\/uploads\/2020\/12\/Claustre-1.jpg 1072w, https:\/\/www.bibliotecadiocesanademallorca.com\/wp-content\/uploads\/2020\/12\/Claustre-1-223x300.jpg 223w, https:\/\/www.bibliotecadiocesanademallorca.com\/wp-content\/uploads\/2020\/12\/Claustre-1-762x1024.jpg 762w, https:\/\/www.bibliotecadiocesanademallorca.com\/wp-content\/uploads\/2020\/12\/Claustre-1-768x1032.jpg 768w, https:\/\/www.bibliotecadiocesanademallorca.com\/wp-content\/uploads\/2020\/12\/Claustre-1-676x908.jpg 676w\" sizes=\"auto, (max-width: 1072px) 100vw, 1072px\" \/><p id=\"caption-attachment-486\" class=\"wp-caption-text\">Claustre de la Biblioteca<\/p><\/div>\n<p style=\"text-align: justify;\">En el conjunt de l&#8217;estructura bibliotec\u00e0ria es poden trobar obres de destacada import\u00e0ncia, de gran valor cultural i patrimonial, a l\u2019abast dels investigadors acreditats. A m\u00e9s a m\u00e9s, com a biblioteca especialitzada en estudis <span style=\"font-size: inherit;\">eclesi\u00e0stics, tenim en el nostre fons, format per uns 175.000 llibres, una gran quantitat d\u2019obres i col\u00b7leccions destacades en els camps propis de la nostra especialitzaci\u00f3, com s\u00f3n la teologia, la filosofia, la Sagrada Escriptura, les humanitats, la hist\u00f2ria eclesi\u00e0stica, el lul\u00b7lisme o el dret can\u00f2nic. En particular, s\u00f3n dignes de menci\u00f3 els c\u00f2dexs manuscrits de principis del segle XIV i la fant\u00e0stica col\u00b7lecci\u00f3 d&#8217;incunables i postincunables que formen part del nostre fons antic. Cal dir que, a m\u00e9s de tot aix\u00f2, posse\u00efm obres d\u2019altres especialitats, directament o indirecta relacionades amb els estudis eclesi\u00e0stics o, simplement, de cultura general. Tamb\u00e9 destaca la nostra biblioteca pels m\u00e9s de 500 t\u00edtols de revistes cient\u00edfiques que posseeix, \u00e9s a dir, uns 80.000 n\u00fameros en total. Si encara no sou usuaris de la nostra biblioteca, vos convidam a que sol\u00b7liciteu el vostre canet digital.<\/span><\/p>\n<div id=\"attachment_1170\" style=\"width: 2570px\" class=\"wp-caption alignnone\"><img loading=\"lazy\" decoding=\"async\" aria-describedby=\"caption-attachment-1170\" class=\"size-full wp-image-1170\" src=\"https:\/\/www.bibliotecadiocesanademallorca.com\/wp-content\/uploads\/2022\/12\/Sala-de-lectura-reformada-2022-scaled.jpg\" alt=\"\" width=\"2560\" height=\"1920\" srcset=\"https:\/\/www.bibliotecadiocesanademallorca.com\/wp-content\/uploads\/2022\/12\/Sala-de-lectura-reformada-2022-scaled.jpg 2560w, https:\/\/www.bibliotecadiocesanademallorca.com\/wp-content\/uploads\/2022\/12\/Sala-de-lectura-reformada-2022-300x225.jpg 300w, https:\/\/www.bibliotecadiocesanademallorca.com\/wp-content\/uploads\/2022\/12\/Sala-de-lectura-reformada-2022-1024x768.jpg 1024w, https:\/\/www.bibliotecadiocesanademallorca.com\/wp-content\/uploads\/2022\/12\/Sala-de-lectura-reformada-2022-768x576.jpg 768w, https:\/\/www.bibliotecadiocesanademallorca.com\/wp-content\/uploads\/2022\/12\/Sala-de-lectura-reformada-2022-1536x1152.jpg 1536w, https:\/\/www.bibliotecadiocesanademallorca.com\/wp-content\/uploads\/2022\/12\/Sala-de-lectura-reformada-2022-2048x1536.jpg 2048w, https:\/\/www.bibliotecadiocesanademallorca.com\/wp-content\/uploads\/2022\/12\/Sala-de-lectura-reformada-2022-676x507.jpg 676w\" sizes=\"auto, (max-width: 2560px) 100vw, 2560px\" \/><p id=\"caption-attachment-1170\" class=\"wp-caption-text\">Sala de lectura<\/p><\/div>\n<p style=\"text-align: justify;\">Al men\u00fa trobareu les eines m\u00e9s fonamentals de la nostra p\u00e0gina web. Si voleu cercar un llibre, podeu accedir al nostre cat\u00e0leg online. En el cas de que no el trobeu, podeu fer la consulta directament, escrivint-nos un e-mail, la direcci\u00f3 del qual trobareu a l\u2019apartat de contacte. Pensau que actualment estam en proc\u00e9s de catalogaci\u00f3, i, per aquest motiu, hi ha obres que encara no estan contingudes en el cat\u00e0leg virtual. No obstant aix\u00f2, degut a que moltes d&#8217;aquestes encara conserven el registre antic, ser\u00e0 bo de saber si el vostre llibre es troba o no al nostre fons. Per altra banda, no deixeu de consultar l\u2019espai de recursos digitals que poden ser de gran utilitat per al vostre estudi o investigaci\u00f3.<\/p>\n<div id=\"attachment_1208\" style=\"width: 1930px\" class=\"wp-caption aligncenter\"><img loading=\"lazy\" decoding=\"async\" aria-describedby=\"caption-attachment-1208\" class=\"wp-image-1208 size-full\" style=\"background-color: initial;\" src=\"https:\/\/www.bibliotecadiocesanademallorca.com\/wp-content\/uploads\/2022\/12\/Hemeroteca-dip.-V-scaled-e1671141919446.jpg\" alt=\"\" width=\"1920\" height=\"2560\" srcset=\"https:\/\/www.bibliotecadiocesanademallorca.com\/wp-content\/uploads\/2022\/12\/Hemeroteca-dip.-V-scaled-e1671141919446.jpg 1920w, https:\/\/www.bibliotecadiocesanademallorca.com\/wp-content\/uploads\/2022\/12\/Hemeroteca-dip.-V-scaled-e1671141919446-225x300.jpg 225w, https:\/\/www.bibliotecadiocesanademallorca.com\/wp-content\/uploads\/2022\/12\/Hemeroteca-dip.-V-scaled-e1671141919446-768x1024.jpg 768w, https:\/\/www.bibliotecadiocesanademallorca.com\/wp-content\/uploads\/2022\/12\/Hemeroteca-dip.-V-scaled-e1671141919446-1152x1536.jpg 1152w, https:\/\/www.bibliotecadiocesanademallorca.com\/wp-content\/uploads\/2022\/12\/Hemeroteca-dip.-V-scaled-e1671141919446-1536x2048.jpg 1536w, https:\/\/www.bibliotecadiocesanademallorca.com\/wp-content\/uploads\/2022\/12\/Hemeroteca-dip.-V-scaled-e1671141919446-676x901.jpg 676w\" sizes=\"auto, (max-width: 1920px) 100vw, 1920px\" \/><p id=\"caption-attachment-1208\" class=\"wp-caption-text\">Hemeroteca<\/p><\/div>\n<p style=\"text-align: justify;\">Finalment, desitjam de tot cor que el nostre fons bibliotecari i el nostre humil servei puguin ser-vos d\u2019utilitat, doncs sabem prou b\u00e9 que, en els nostres bons amics, els llibres, trobam la medicina contra un dels grans mals espirituals que pot patir la humanitat: \u00abA l\u2019antic Egipte anomenaven les biblioteques el tresor dels remeis de l\u2019\u00e0nima. Certament, es curava en elles de la ignor\u00e0ncia, la m\u00e9s perillosa de les malalties i l\u2019origen de totes les altres\u00bb (Mons. Jacques-B\u00e9nigne Bossuet).<\/p>\n<p style=\"text-align: right;\"><em>Dr. Mn. Jaume Mercant Sim\u00f3, director<\/em><\/p>\n<div id=\"attachment_1772\" style=\"width: 2570px\" class=\"wp-caption aligncenter\"><img loading=\"lazy\" decoding=\"async\" aria-describedby=\"caption-attachment-1772\" class=\"size-full wp-image-1772\" src=\"https:\/\/www.bibliotecadiocesanademallorca.com\/wp-content\/uploads\/2024\/12\/Foto-diposit-VI-scaled.jpg\" alt=\"\" width=\"2560\" height=\"1920\" srcset=\"https:\/\/www.bibliotecadiocesanademallorca.com\/wp-content\/uploads\/2024\/12\/Foto-diposit-VI-scaled.jpg 2560w, https:\/\/www.bibliotecadiocesanademallorca.com\/wp-content\/uploads\/2024\/12\/Foto-diposit-VI-300x225.jpg 300w, https:\/\/www.bibliotecadiocesanademallorca.com\/wp-content\/uploads\/2024\/12\/Foto-diposit-VI-1024x768.jpg 1024w, https:\/\/www.bibliotecadiocesanademallorca.com\/wp-content\/uploads\/2024\/12\/Foto-diposit-VI-768x576.jpg 768w, https:\/\/www.bibliotecadiocesanademallorca.com\/wp-content\/uploads\/2024\/12\/Foto-diposit-VI-1536x1152.jpg 1536w, https:\/\/www.bibliotecadiocesanademallorca.com\/wp-content\/uploads\/2024\/12\/Foto-diposit-VI-2048x1536.jpg 2048w, https:\/\/www.bibliotecadiocesanademallorca.com\/wp-content\/uploads\/2024\/12\/Foto-diposit-VI-676x507.jpg 676w\" sizes=\"auto, (max-width: 2560px) 100vw, 2560px\" \/><p id=\"caption-attachment-1772\" class=\"wp-caption-text\">Un dels nostres dip\u00f2sits<\/p><\/div>\n<p dir=\"ltr\">\u00a0<\/p>","protected":false},"excerpt":{"rendered":"<p>Siau benvinguts a l\u2019espai virtual de la Biblioteca Diocesana de Mallorca. Des d\u2019aquesta p\u00e0gina web volem fer-vos m\u00e9s accessible el nostre servei bibliotecari. Malgrat la nostra sala de lectura sigui modesta, en realitat la nostra biblioteca \u00e9s grandiosa; compta amb sis grans dip\u00f2sits i tres de m\u00e9s petits \u2015distribu\u00efts en dues plantes\u2015, a m\u00e9s de [&hellip;]<\/p>\n","protected":false},"author":2,"featured_media":297,"parent":0,"menu_order":1,"comment_status":"closed","ping_status":"closed","template":"","meta":{"footnotes":""},"class_list":["post-9","page","type-page","status-publish","has-post-thumbnail","hentry","post-preview"],"yoast_head":"<!-- This site is optimized with the Yoast SEO plugin v26.8 - https:\/\/yoast.com\/product\/yoast-seo-wordpress\/ -->\n<title>Siau benvinguts - Biblioteca Diocesana de Mallorca<\/title>\n<meta name=\"robots\" content=\"index, follow, max-snippet:-1, max-image-preview:large, max-video-preview:-1\" \/>\n<link rel=\"canonical\" href=\"https:\/\/www.bibliotecadiocesanademallorca.com\/\" \/>\n<meta property=\"og:locale\" content=\"ca_ES\" \/>\n<meta property=\"og:type\" content=\"article\" \/>\n<meta property=\"og:title\" content=\"Siau benvinguts - Biblioteca Diocesana de Mallorca\" \/>\n<meta property=\"og:description\" content=\"Siau benvinguts a l\u2019espai virtual de la Biblioteca Diocesana de Mallorca. Des d\u2019aquesta p\u00e0gina web volem fer-vos m\u00e9s accessible el nostre servei bibliotecari. Malgrat la nostra sala de lectura sigui modesta, en realitat la nostra biblioteca \u00e9s grandiosa; compta amb sis grans dip\u00f2sits i tres de m\u00e9s petits \u2015distribu\u00efts en dues plantes\u2015, a m\u00e9s de [&hellip;]\" \/>\n<meta property=\"og:url\" content=\"https:\/\/www.bibliotecadiocesanademallorca.com\/\" \/>\n<meta property=\"og:site_name\" content=\"Biblioteca Diocesana de Mallorca\" \/>\n<meta property=\"article:modified_time\" content=\"2024-12-20T19:22:34+00:00\" \/>\n<meta property=\"og:image\" content=\"https:\/\/www.bibliotecadiocesanademallorca.com\/wp-content\/uploads\/2018\/10\/cropped-44731903_134289947553064_1457652410670383104_o-1.jpg\" \/>\n\t<meta property=\"og:image:width\" content=\"937\" \/>\n\t<meta property=\"og:image:height\" content=\"547\" \/>\n\t<meta property=\"og:image:type\" content=\"image\/jpeg\" \/>\n<meta name=\"twitter:card\" content=\"summary_large_image\" \/>\n<meta name=\"twitter:label1\" content=\"Temps estimat de lectura\" \/>\n\t<meta name=\"twitter:data1\" content=\"4 minuts\" \/>\n<script type=\"application\/ld+json\" class=\"yoast-schema-graph\">{\"@context\":\"https:\/\/schema.org\",\"@graph\":[{\"@type\":\"WebPage\",\"@id\":\"https:\/\/www.bibliotecadiocesanademallorca.com\/\",\"url\":\"https:\/\/www.bibliotecadiocesanademallorca.com\/\",\"name\":\"Siau benvinguts - Biblioteca Diocesana de Mallorca\",\"isPartOf\":{\"@id\":\"https:\/\/www.bibliotecadiocesanademallorca.com\/#website\"},\"primaryImageOfPage\":{\"@id\":\"https:\/\/www.bibliotecadiocesanademallorca.com\/#primaryimage\"},\"image\":{\"@id\":\"https:\/\/www.bibliotecadiocesanademallorca.com\/#primaryimage\"},\"thumbnailUrl\":\"https:\/\/www.bibliotecadiocesanademallorca.com\/wp-content\/uploads\/2018\/10\/cropped-44731903_134289947553064_1457652410670383104_o-1.jpg\",\"datePublished\":\"2018-10-25T10:45:04+00:00\",\"dateModified\":\"2024-12-20T19:22:34+00:00\",\"breadcrumb\":{\"@id\":\"https:\/\/www.bibliotecadiocesanademallorca.com\/#breadcrumb\"},\"inLanguage\":\"ca\",\"potentialAction\":[{\"@type\":\"ReadAction\",\"target\":[\"https:\/\/www.bibliotecadiocesanademallorca.com\/\"]}]},{\"@type\":\"ImageObject\",\"inLanguage\":\"ca\",\"@id\":\"https:\/\/www.bibliotecadiocesanademallorca.com\/#primaryimage\",\"url\":\"https:\/\/www.bibliotecadiocesanademallorca.com\/wp-content\/uploads\/2018\/10\/cropped-44731903_134289947553064_1457652410670383104_o-1.jpg\",\"contentUrl\":\"https:\/\/www.bibliotecadiocesanademallorca.com\/wp-content\/uploads\/2018\/10\/cropped-44731903_134289947553064_1457652410670383104_o-1.jpg\",\"width\":937,\"height\":547},{\"@type\":\"BreadcrumbList\",\"@id\":\"https:\/\/www.bibliotecadiocesanademallorca.com\/#breadcrumb\",\"itemListElement\":[{\"@type\":\"ListItem\",\"position\":1,\"name\":\"Inici\",\"item\":\"https:\/\/www.bibliotecadiocesanademallorca.com\/\"},{\"@type\":\"ListItem\",\"position\":2,\"name\":\"Siau benvinguts\"}]},{\"@type\":\"WebSite\",\"@id\":\"https:\/\/www.bibliotecadiocesanademallorca.com\/#website\",\"url\":\"https:\/\/www.bibliotecadiocesanademallorca.com\/\",\"name\":\"Biblioteca Diocesana de Mallorca\",\"description\":\"Bisbat de Mallorca\",\"potentialAction\":[{\"@type\":\"SearchAction\",\"target\":{\"@type\":\"EntryPoint\",\"urlTemplate\":\"https:\/\/www.bibliotecadiocesanademallorca.com\/?s={search_term_string}\"},\"query-input\":{\"@type\":\"PropertyValueSpecification\",\"valueRequired\":true,\"valueName\":\"search_term_string\"}}],\"inLanguage\":\"ca\"}]}<\/script>\n<!-- \/ Yoast SEO plugin. -->","yoast_head_json":{"title":"Siau benvinguts - Biblioteca Diocesana de Mallorca","robots":{"index":"index","follow":"follow","max-snippet":"max-snippet:-1","max-image-preview":"max-image-preview:large","max-video-preview":"max-video-preview:-1"},"canonical":"https:\/\/www.bibliotecadiocesanademallorca.com\/","og_locale":"ca_ES","og_type":"article","og_title":"Siau benvinguts - Biblioteca Diocesana de Mallorca","og_description":"Siau benvinguts a l\u2019espai virtual de la Biblioteca Diocesana de Mallorca. Des d\u2019aquesta p\u00e0gina web volem fer-vos m\u00e9s accessible el nostre servei bibliotecari. Malgrat la nostra sala de lectura sigui modesta, en realitat la nostra biblioteca \u00e9s grandiosa; compta amb sis grans dip\u00f2sits i tres de m\u00e9s petits \u2015distribu\u00efts en dues plantes\u2015, a m\u00e9s de [&hellip;]","og_url":"https:\/\/www.bibliotecadiocesanademallorca.com\/","og_site_name":"Biblioteca Diocesana de Mallorca","article_modified_time":"2024-12-20T19:22:34+00:00","og_image":[{"width":937,"height":547,"url":"https:\/\/www.bibliotecadiocesanademallorca.com\/wp-content\/uploads\/2018\/10\/cropped-44731903_134289947553064_1457652410670383104_o-1.jpg","type":"image\/jpeg"}],"twitter_card":"summary_large_image","twitter_misc":{"Temps estimat de lectura":"4 minuts"},"schema":{"@context":"https:\/\/schema.org","@graph":[{"@type":"WebPage","@id":"https:\/\/www.bibliotecadiocesanademallorca.com\/","url":"https:\/\/www.bibliotecadiocesanademallorca.com\/","name":"Siau benvinguts - Biblioteca Diocesana de Mallorca","isPartOf":{"@id":"https:\/\/www.bibliotecadiocesanademallorca.com\/#website"},"primaryImageOfPage":{"@id":"https:\/\/www.bibliotecadiocesanademallorca.com\/#primaryimage"},"image":{"@id":"https:\/\/www.bibliotecadiocesanademallorca.com\/#primaryimage"},"thumbnailUrl":"https:\/\/www.bibliotecadiocesanademallorca.com\/wp-content\/uploads\/2018\/10\/cropped-44731903_134289947553064_1457652410670383104_o-1.jpg","datePublished":"2018-10-25T10:45:04+00:00","dateModified":"2024-12-20T19:22:34+00:00","breadcrumb":{"@id":"https:\/\/www.bibliotecadiocesanademallorca.com\/#breadcrumb"},"inLanguage":"ca","potentialAction":[{"@type":"ReadAction","target":["https:\/\/www.bibliotecadiocesanademallorca.com\/"]}]},{"@type":"ImageObject","inLanguage":"ca","@id":"https:\/\/www.bibliotecadiocesanademallorca.com\/#primaryimage","url":"https:\/\/www.bibliotecadiocesanademallorca.com\/wp-content\/uploads\/2018\/10\/cropped-44731903_134289947553064_1457652410670383104_o-1.jpg","contentUrl":"https:\/\/www.bibliotecadiocesanademallorca.com\/wp-content\/uploads\/2018\/10\/cropped-44731903_134289947553064_1457652410670383104_o-1.jpg","width":937,"height":547},{"@type":"BreadcrumbList","@id":"https:\/\/www.bibliotecadiocesanademallorca.com\/#breadcrumb","itemListElement":[{"@type":"ListItem","position":1,"name":"Inici","item":"https:\/\/www.bibliotecadiocesanademallorca.com\/"},{"@type":"ListItem","position":2,"name":"Siau benvinguts"}]},{"@type":"WebSite","@id":"https:\/\/www.bibliotecadiocesanademallorca.com\/#website","url":"https:\/\/www.bibliotecadiocesanademallorca.com\/","name":"Biblioteca Diocesana de Mallorca","description":"Bisbat de Mallorca","potentialAction":[{"@type":"SearchAction","target":{"@type":"EntryPoint","urlTemplate":"https:\/\/www.bibliotecadiocesanademallorca.com\/?s={search_term_string}"},"query-input":{"@type":"PropertyValueSpecification","valueRequired":true,"valueName":"search_term_string"}}],"inLanguage":"ca"}]}},"_links":{"self":[{"href":"https:\/\/www.bibliotecadiocesanademallorca.com\/index.php\/wp-json\/wp\/v2\/pages\/9","targetHints":{"allow":["GET"]}}],"collection":[{"href":"https:\/\/www.bibliotecadiocesanademallorca.com\/index.php\/wp-json\/wp\/v2\/pages"}],"about":[{"href":"https:\/\/www.bibliotecadiocesanademallorca.com\/index.php\/wp-json\/wp\/v2\/types\/page"}],"author":[{"embeddable":true,"href":"https:\/\/www.bibliotecadiocesanademallorca.com\/index.php\/wp-json\/wp\/v2\/users\/2"}],"replies":[{"embeddable":true,"href":"https:\/\/www.bibliotecadiocesanademallorca.com\/index.php\/wp-json\/wp\/v2\/comments?post=9"}],"version-history":[{"count":99,"href":"https:\/\/www.bibliotecadiocesanademallorca.com\/index.php\/wp-json\/wp\/v2\/pages\/9\/revisions"}],"predecessor-version":[{"id":1787,"href":"https:\/\/www.bibliotecadiocesanademallorca.com\/index.php\/wp-json\/wp\/v2\/pages\/9\/revisions\/1787"}],"wp:featuredmedia":[{"embeddable":true,"href":"https:\/\/www.bibliotecadiocesanademallorca.com\/index.php\/wp-json\/wp\/v2\/media\/297"}],"wp:attachment":[{"href":"https:\/\/www.bibliotecadiocesanademallorca.com\/index.php\/wp-json\/wp\/v2\/media?parent=9"}],"curies":[{"name":"wp","href":"https:\/\/api.w.org\/{rel}","templated":true}]}}